{"id":1165,"date":"2025-07-12T14:17:37","date_gmt":"2025-07-12T12:17:37","guid":{"rendered":"https:\/\/wbcoiffure.fr\/?post_type=product&#038;p=1165"},"modified":"2025-07-21T13:09:54","modified_gmt":"2025-07-21T11:09:54","slug":"ghd-helios-seche-cheveux-professionnel","status":"publish","type":"product","link":"https:\/\/wbcoiffure.fr\/?product=ghd-helios-seche-cheveux-professionnel","title":{"rendered":"GHD Helios\u00ae \u2013 S\u00e8che-cheveux professionnel"},"content":{"rendered":"<div class=\"_tableContainer_80l1q_1\">\n<div class=\"_tableWrapper_80l1q_14 group flex w-fit flex-col-reverse\" tabindex=\"-1\">\n<div class=\"_tableContainer_80l1q_1\">\n<div class=\"_tableWrapper_80l1q_14 group flex w-fit flex-col-reverse\" tabindex=\"-1\">\n<div class=\"_tableContainer_80l1q_1\">\n<div class=\"_tableWrapper_80l1q_14 group flex w-fit flex-col-reverse\" tabindex=\"-1\">\n<div class=\"_tableContainer_80l1q_1\">\n<div class=\"_tableWrapper_80l1q_14 group flex w-fit flex-col-reverse\" tabindex=\"-1\">\n<div class=\"_tableContainer_80l1q_1\">\n<div class=\"_tableWrapper_80l1q_14 group flex w-fit flex-col-reverse\" tabindex=\"-1\">\n<div class=\"_tableContainer_80l1q_1\">\n<div class=\"_tableWrapper_80l1q_14 group flex w-fit flex-col-reverse\" tabindex=\"-1\">\n<div class=\"_tableContainer_80l1q_1\">\n<div class=\"_tableWrapper_80l1q_14 group flex w-fit flex-col-reverse\" tabindex=\"-1\">\n<div class=\"_tableContainer_80l1q_1\">\n<div class=\"_tableWrapper_80l1q_14 group flex w-fit flex-col-reverse\" tabindex=\"-1\">\n<div class=\"_tableContainer_80l1q_1\">\n<div class=\"_tableWrapper_80l1q_14 group flex w-fit flex-col-reverse\" tabindex=\"-1\">\n<table class=\"w-fit min-w-(--thread-content-width)\" data-start=\"500\" data-end=\"1091\">\n<thead data-start=\"500\" data-end=\"557\">\n<tr data-start=\"500\" data-end=\"557\">\n<th data-start=\"500\" data-end=\"526\" data-col-size=\"md\"><strong data-start=\"502\" data-end=\"521\">Type de produit<\/strong><\/th>\n<th data-start=\"526\" data-end=\"557\" data-col-size=\"md\">S\u00e8che-cheveux professionnel<\/th>\n<\/tr>\n<\/thead>\n<tbody data-start=\"616\" data-end=\"1091\">\n<tr data-start=\"616\" data-end=\"665\">\n<td data-start=\"616\" data-end=\"642\" data-col-size=\"md\"><strong data-start=\"618\" data-end=\"628\">Marque<\/strong><\/td>\n<td data-start=\"642\" data-end=\"665\" data-col-size=\"md\">GHD \u2013 Good Hair Day<\/td>\n<\/tr>\n<tr data-start=\"666\" data-end=\"703\">\n<td data-start=\"666\" data-end=\"692\" data-col-size=\"md\"><strong data-start=\"668\" data-end=\"685\">Nom du mod\u00e8le<\/strong><\/td>\n<td data-start=\"692\" data-end=\"703\" data-col-size=\"md\">Helios\u00ae<\/td>\n<\/tr>\n<tr data-start=\"704\" data-end=\"767\">\n<td data-start=\"704\" data-end=\"730\" data-col-size=\"md\"><strong data-start=\"706\" data-end=\"717\">Coloris<\/strong><\/td>\n<td data-start=\"730\" data-end=\"767\" data-col-size=\"md\">Bordeaux et or (\u00e9dition \u00e9l\u00e9gante)<\/td>\n<\/tr>\n<tr data-start=\"768\" data-end=\"863\">\n<td data-start=\"768\" data-end=\"794\" data-col-size=\"md\"><strong data-start=\"770\" data-end=\"785\">Technologie<\/strong><\/td>\n<td data-start=\"794\" data-end=\"863\" data-col-size=\"md\">Technologie Aeroprecis\u2122 : flux d\u2019air puissant et cibl\u00e9 (120 km\/h)<\/td>\n<\/tr>\n<tr data-start=\"864\" data-end=\"895\">\n<td data-start=\"864\" data-end=\"895\" data-col-size=\"md\">Moteur brushless longue dur\u00e9e<\/td>\n<td data-col-size=\"md\"><\/td>\n<\/tr>\n<tr data-start=\"896\" data-end=\"941\">\n<td data-start=\"896\" data-end=\"941\" data-col-size=\"md\">Bouche concentratrice ultra-pr\u00e9cise incluse<\/td>\n<td data-col-size=\"md\"><\/td>\n<\/tr>\n<tr data-start=\"942\" data-end=\"1035\">\n<td data-start=\"942\" data-end=\"968\" data-col-size=\"md\"><strong data-start=\"944\" data-end=\"953\">Poids<\/strong><\/td>\n<td data-start=\"968\" data-end=\"1035\" data-col-size=\"md\">Environ 780g (20 % plus l\u00e9ger qu\u2019un s\u00e8che-cheveux standard GHD)<\/td>\n<\/tr>\n<tr data-start=\"1036\" data-end=\"1091\">\n<td data-start=\"1036\" data-end=\"1062\" data-col-size=\"md\"><strong data-start=\"1038\" data-end=\"1051\">Avantages<\/strong><\/td>\n<td data-start=\"1062\" data-end=\"1091\" data-col-size=\"md\">&#8211; R\u00e9duction des frisottis<\/td>\n<\/tr>\n<\/tbody>\n<\/table>\n<div class=\"sticky end-(--thread-content-margin) h-0 self-end select-none\">\n<div class=\"absolute end-0 flex items-end\"><\/div>\n<\/div>\n<\/div>\n<\/div>\n<ul data-start=\"1092\" data-end=\"1377\">\n<li data-start=\"1092\" data-end=\"1112\">\n<p data-start=\"1094\" data-end=\"1112\">Brillance accrue<\/p>\n<\/li>\n<li data-start=\"1113\" data-end=\"1141\">\n<p data-start=\"1115\" data-end=\"1141\">S\u00e9chage 30 % plus rapide<\/p>\n<\/li>\n<li data-start=\"1142\" data-end=\"1377\">\n<p data-start=\"1144\" data-end=\"1377\">R\u00e9partition homog\u00e8ne de la chaleur |<br \/>\n| <strong data-start=\"1183\" data-end=\"1199\">Public cible<\/strong> | Tous types de cheveux, id\u00e9al pour les cheveux \u00e9pais ou longs |<br \/>\n| <strong data-start=\"1274\" data-end=\"1292\">Positionnement<\/strong> | Haut de gamme \u2013 con\u00e7u pour les professionnels et les particuliers exigeants |<\/p>\n<\/li>\n<\/ul>\n<p data-start=\"1379\" data-end=\"1499\"><strong data-start=\"1382\" data-end=\"1390\">Le +<\/strong> : Sa conception ergonomique convient aussi bien aux droitiers qu\u2019aux gauchers, pour un brushing sans effort.<\/p>\n<\/div>\n<\/div>\n<\/div>\n<\/div>\n<\/div>\n<\/div>\n<\/div>\n<\/div>\n<\/div>\n<\/div>\n<\/div>\n<\/div>\n<\/div>\n<\/div>\n<\/div>\n<\/div>\n","protected":false},"excerpt":{"rendered":"<p data-start=\"178\" data-end=\"246\"><strong data-start=\"178\" data-end=\"246\">L\u00e9ger, rapide et ultra-pr\u00e9cis pour un brushing digne des salons.<\/strong><\/p>\n<p data-start=\"178\" data-end=\"246\">Avec son design sophistiqu\u00e9 et sa technologie de pointe, le GHD Helios\u00ae r\u00e9volutionne le s\u00e9chage des cheveux en combinant <strong data-start=\"369\" data-end=\"404\">puissance, l\u00e9g\u00e8ret\u00e9 et contr\u00f4le<\/strong>. Ce mod\u00e8le est con\u00e7u pour offrir une exp\u00e9rience de coiffage rapide, confortable et ma\u00eetris\u00e9e.<\/p>\n","protected":false},"featured_media":1166,"template":"","meta":{"_eb_attr":"","ocean_post_layout":"","ocean_both_sidebars_style":"","ocean_both_sidebars_content_width":0,"ocean_both_sidebars_sidebars_width":0,"ocean_sidebar":"0","ocean_second_sidebar":"0","ocean_disable_margins":"enable","ocean_add_body_class":"","ocean_shortcode_before_top_bar":"","ocean_shortcode_after_top_bar":"","ocean_shortcode_before_header":"","ocean_shortcode_after_header":"","ocean_has_shortcode":"","ocean_shortcode_after_title":"","ocean_shortcode_before_footer_widgets":"","ocean_shortcode_after_footer_widgets":"","ocean_shortcode_before_footer_bottom":"","ocean_shortcode_after_footer_bottom":"","ocean_display_top_bar":"default","ocean_display_header":"default","ocean_header_style":"","ocean_center_header_left_menu":"0","ocean_custom_header_template":"0","ocean_custom_logo":0,"ocean_custom_retina_logo":0,"ocean_custom_logo_max_width":0,"ocean_custom_logo_tablet_max_width":0,"ocean_custom_logo_mobile_max_width":0,"ocean_custom_logo_max_height":0,"ocean_custom_logo_tablet_max_height":0,"ocean_custom_logo_mobile_max_height":0,"ocean_header_custom_menu":"0","ocean_menu_typo_font_family":"0","ocean_menu_typo_font_subset":"","ocean_menu_typo_font_size":0,"ocean_menu_typo_font_size_tablet":0,"ocean_menu_typo_font_size_mobile":0,"ocean_menu_typo_font_size_unit":"px","ocean_menu_typo_font_weight":"","ocean_menu_typo_font_weight_tablet":"","ocean_menu_typo_font_weight_mobile":"","ocean_menu_typo_transform":"","ocean_menu_typo_transform_tablet":"","ocean_menu_typo_transform_mobile":"","ocean_menu_typo_line_height":0,"ocean_menu_typo_line_height_tablet":0,"ocean_menu_typo_line_height_mobile":0,"ocean_menu_typo_line_height_unit":"","ocean_menu_typo_spacing":0,"ocean_menu_typo_spacing_tablet":0,"ocean_menu_typo_spacing_mobile":0,"ocean_menu_typo_spacing_unit":"","ocean_menu_link_color":"","ocean_menu_link_color_hover":"","ocean_menu_link_color_active":"","ocean_menu_link_background":"","ocean_menu_link_hover_background":"","ocean_menu_link_active_background":"","ocean_menu_social_links_bg":"","ocean_menu_social_hover_links_bg":"","ocean_menu_social_links_color":"","ocean_menu_social_hover_links_color":"","ocean_disable_title":"default","ocean_disable_heading":"default","ocean_post_title":"","ocean_post_subheading":"","ocean_post_title_style":"","ocean_post_title_background_color":"","ocean_post_title_background":0,"ocean_post_title_bg_image_position":"","ocean_post_title_bg_image_attachment":"","ocean_post_title_bg_image_repeat":"","ocean_post_title_bg_image_size":"","ocean_post_title_height":0,"ocean_post_title_bg_overlay":0.5,"ocean_post_title_bg_overlay_color":"","ocean_disable_breadcrumbs":"default","ocean_breadcrumbs_color":"","ocean_breadcrumbs_separator_color":"","ocean_breadcrumbs_links_color":"","ocean_breadcrumbs_links_hover_color":"","ocean_display_footer_widgets":"default","ocean_display_footer_bottom":"default","ocean_custom_footer_template":"0"},"pwb-brand":[53],"product_brand":[35],"product_cat":[33,19],"product_tag":[],"class_list":{"0":"post-1165","1":"product","2":"type-product","3":"status-publish","4":"has-post-thumbnail","6":"pwb-brand-ghd","7":"product_brand-ghd","8":"product_cat-materiel-coiffure","9":"product_cat-beautybuy","10":"pa_marque-ghd","12":"entry","13":"has-media","15":"first","16":"instock","17":"shipping-taxable","18":"purchasable","19":"product-type-simple","20":"has-product-nav","21":"col","22":"span_1_of_3","23":"owp-content-center","24":"owp-thumbs-layout-horizontal","25":"owp-btn-normal","26":"owp-tabs-layout-horizontal","27":"has-no-thumbnails"},"yoast_head":"<!-- This site is optimized with the Yoast SEO plugin v27.1.1 - https:\/\/yoast.com\/product\/yoast-seo-wordpress\/ -->\n<title>GHD Helios\u00ae \u2013 S\u00e8che-cheveux professionnel - WB Coiffure<\/title>\n<meta name=\"robots\" content=\"index, follow, max-snippet:-1, max-image-preview:large, max-video-preview:-1\" \/>\n<link rel=\"canonical\" href=\"http:\/\/wbcoiffure.fr\/?product=ghd-helios-seche-cheveux-professionnel\" \/>\n<meta property=\"og:locale\" content=\"fr_FR\" \/>\n<meta property=\"og:type\" content=\"article\" \/>\n<meta property=\"og:title\" content=\"GHD Helios\u00ae \u2013 S\u00e8che-cheveux professionnel - WB Coiffure\" \/>\n<meta property=\"og:description\" content=\"L\u00e9ger, rapide et ultra-pr\u00e9cis pour un brushing digne des salons. Avec son design sophistiqu\u00e9 et sa technologie de pointe, le GHD Helios\u00ae r\u00e9volutionne le s\u00e9chage des cheveux en combinant puissance, l\u00e9g\u00e8ret\u00e9 et contr\u00f4le. Ce mod\u00e8le est con\u00e7u pour offrir une exp\u00e9rience de coiffage rapide, confortable et ma\u00eetris\u00e9e.\" \/>\n<meta property=\"og:url\" content=\"http:\/\/wbcoiffure.fr\/?product=ghd-helios-seche-cheveux-professionnel\" \/>\n<meta property=\"og:site_name\" content=\"WB Coiffure\" \/>\n<meta property=\"article:modified_time\" content=\"2025-07-21T11:09:54+00:00\" \/>\n<meta property=\"og:image\" content=\"http:\/\/wbcoiffure.fr\/wp-content\/uploads\/2025\/07\/ghd_Helios_Professional_Hair_Dryer_-_Plum__64767.jpg\" \/>\n\t<meta property=\"og:image:width\" content=\"1280\" \/>\n\t<meta property=\"og:image:height\" content=\"1280\" \/>\n\t<meta property=\"og:image:type\" content=\"image\/jpeg\" \/>\n<meta name=\"twitter:card\" content=\"summary_large_image\" \/>\n<meta name=\"twitter:label1\" content=\"Dur\u00e9e de lecture estim\u00e9e\" \/>\n\t<meta name=\"twitter:data1\" content=\"1 minute\" \/>\n<script type=\"application\/ld+json\" class=\"yoast-schema-graph\">{\"@context\":\"https:\/\/schema.org\",\"@graph\":[{\"@type\":\"WebPage\",\"@id\":\"http:\/\/wbcoiffure.fr\/?product=ghd-helios-seche-cheveux-professionnel\",\"url\":\"http:\/\/wbcoiffure.fr\/?product=ghd-helios-seche-cheveux-professionnel\",\"name\":\"GHD Helios\u00ae \u2013 S\u00e8che-cheveux professionnel - WB Coiffure\",\"isPartOf\":{\"@id\":\"https:\/\/wbcoiffure.fr\/#website\"},\"primaryImageOfPage\":{\"@id\":\"http:\/\/wbcoiffure.fr\/?product=ghd-helios-seche-cheveux-professionnel#primaryimage\"},\"image\":{\"@id\":\"http:\/\/wbcoiffure.fr\/?product=ghd-helios-seche-cheveux-professionnel#primaryimage\"},\"thumbnailUrl\":\"https:\/\/wbcoiffure.fr\/wp-content\/uploads\/2025\/07\/ghd_Helios_Professional_Hair_Dryer_-_Plum__64767.jpg\",\"datePublished\":\"2025-07-12T12:17:37+00:00\",\"dateModified\":\"2025-07-21T11:09:54+00:00\",\"breadcrumb\":{\"@id\":\"http:\/\/wbcoiffure.fr\/?product=ghd-helios-seche-cheveux-professionnel#breadcrumb\"},\"inLanguage\":\"fr-FR\",\"potentialAction\":[{\"@type\":\"ReadAction\",\"target\":[\"http:\/\/wbcoiffure.fr\/?product=ghd-helios-seche-cheveux-professionnel\"]}]},{\"@type\":\"ImageObject\",\"inLanguage\":\"fr-FR\",\"@id\":\"http:\/\/wbcoiffure.fr\/?product=ghd-helios-seche-cheveux-professionnel#primaryimage\",\"url\":\"https:\/\/wbcoiffure.fr\/wp-content\/uploads\/2025\/07\/ghd_Helios_Professional_Hair_Dryer_-_Plum__64767.jpg\",\"contentUrl\":\"https:\/\/wbcoiffure.fr\/wp-content\/uploads\/2025\/07\/ghd_Helios_Professional_Hair_Dryer_-_Plum__64767.jpg\",\"width\":1280,\"height\":1280},{\"@type\":\"BreadcrumbList\",\"@id\":\"http:\/\/wbcoiffure.fr\/?product=ghd-helios-seche-cheveux-professionnel#breadcrumb\",\"itemListElement\":[{\"@type\":\"ListItem\",\"position\":1,\"name\":\"Accueil\",\"item\":\"https:\/\/wbcoiffure.fr\/\"},{\"@type\":\"ListItem\",\"position\":2,\"name\":\"Boutique\",\"item\":\"https:\/\/wbcoiffure.fr\/?page_id=409\"},{\"@type\":\"ListItem\",\"position\":3,\"name\":\"GHD Helios\u00ae \u2013 S\u00e8che-cheveux professionnel\"}]},{\"@type\":\"WebSite\",\"@id\":\"https:\/\/wbcoiffure.fr\/#website\",\"url\":\"https:\/\/wbcoiffure.fr\/\",\"name\":\"WB Coiffure\",\"description\":\"Salon de coiffure Castelnau-le-lez\",\"publisher\":{\"@id\":\"https:\/\/wbcoiffure.fr\/#organization\"},\"potentialAction\":[{\"@type\":\"SearchAction\",\"target\":{\"@type\":\"EntryPoint\",\"urlTemplate\":\"https:\/\/wbcoiffure.fr\/?s={search_term_string}\"},\"query-input\":{\"@type\":\"PropertyValueSpecification\",\"valueRequired\":true,\"valueName\":\"search_term_string\"}}],\"inLanguage\":\"fr-FR\"},{\"@type\":\"Organization\",\"@id\":\"https:\/\/wbcoiffure.fr\/#organization\",\"name\":\"WB Coiffure\",\"url\":\"https:\/\/wbcoiffure.fr\/\",\"logo\":{\"@type\":\"ImageObject\",\"inLanguage\":\"fr-FR\",\"@id\":\"https:\/\/wbcoiffure.fr\/#\/schema\/logo\/image\/\",\"url\":\"https:\/\/wbcoiffure.fr\/wp-content\/uploads\/2025\/04\/principalWB-logo-internet.png\",\"contentUrl\":\"https:\/\/wbcoiffure.fr\/wp-content\/uploads\/2025\/04\/principalWB-logo-internet.png\",\"width\":316,\"height\":82,\"caption\":\"WB Coiffure\"},\"image\":{\"@id\":\"https:\/\/wbcoiffure.fr\/#\/schema\/logo\/image\/\"}}]}<\/script>\n<!-- \/ Yoast SEO plugin. -->","yoast_head_json":{"title":"GHD Helios\u00ae \u2013 S\u00e8che-cheveux professionnel - WB Coiffure","robots":{"index":"index","follow":"follow","max-snippet":"max-snippet:-1","max-image-preview":"max-image-preview:large","max-video-preview":"max-video-preview:-1"},"canonical":"http:\/\/wbcoiffure.fr\/?product=ghd-helios-seche-cheveux-professionnel","og_locale":"fr_FR","og_type":"article","og_title":"GHD Helios\u00ae \u2013 S\u00e8che-cheveux professionnel - WB Coiffure","og_description":"L\u00e9ger, rapide et ultra-pr\u00e9cis pour un brushing digne des salons. Avec son design sophistiqu\u00e9 et sa technologie de pointe, le GHD Helios\u00ae r\u00e9volutionne le s\u00e9chage des cheveux en combinant puissance, l\u00e9g\u00e8ret\u00e9 et contr\u00f4le. Ce mod\u00e8le est con\u00e7u pour offrir une exp\u00e9rience de coiffage rapide, confortable et ma\u00eetris\u00e9e.","og_url":"http:\/\/wbcoiffure.fr\/?product=ghd-helios-seche-cheveux-professionnel","og_site_name":"WB Coiffure","article_modified_time":"2025-07-21T11:09:54+00:00","og_image":[{"width":1280,"height":1280,"url":"http:\/\/wbcoiffure.fr\/wp-content\/uploads\/2025\/07\/ghd_Helios_Professional_Hair_Dryer_-_Plum__64767.jpg","type":"image\/jpeg"}],"twitter_card":"summary_large_image","twitter_misc":{"Dur\u00e9e de lecture estim\u00e9e":"1 minute"},"schema":{"@context":"https:\/\/schema.org","@graph":[{"@type":"WebPage","@id":"http:\/\/wbcoiffure.fr\/?product=ghd-helios-seche-cheveux-professionnel","url":"http:\/\/wbcoiffure.fr\/?product=ghd-helios-seche-cheveux-professionnel","name":"GHD Helios\u00ae \u2013 S\u00e8che-cheveux professionnel - WB Coiffure","isPartOf":{"@id":"https:\/\/wbcoiffure.fr\/#website"},"primaryImageOfPage":{"@id":"http:\/\/wbcoiffure.fr\/?product=ghd-helios-seche-cheveux-professionnel#primaryimage"},"image":{"@id":"http:\/\/wbcoiffure.fr\/?product=ghd-helios-seche-cheveux-professionnel#primaryimage"},"thumbnailUrl":"https:\/\/wbcoiffure.fr\/wp-content\/uploads\/2025\/07\/ghd_Helios_Professional_Hair_Dryer_-_Plum__64767.jpg","datePublished":"2025-07-12T12:17:37+00:00","dateModified":"2025-07-21T11:09:54+00:00","breadcrumb":{"@id":"http:\/\/wbcoiffure.fr\/?product=ghd-helios-seche-cheveux-professionnel#breadcrumb"},"inLanguage":"fr-FR","potentialAction":[{"@type":"ReadAction","target":["http:\/\/wbcoiffure.fr\/?product=ghd-helios-seche-cheveux-professionnel"]}]},{"@type":"ImageObject","inLanguage":"fr-FR","@id":"http:\/\/wbcoiffure.fr\/?product=ghd-helios-seche-cheveux-professionnel#primaryimage","url":"https:\/\/wbcoiffure.fr\/wp-content\/uploads\/2025\/07\/ghd_Helios_Professional_Hair_Dryer_-_Plum__64767.jpg","contentUrl":"https:\/\/wbcoiffure.fr\/wp-content\/uploads\/2025\/07\/ghd_Helios_Professional_Hair_Dryer_-_Plum__64767.jpg","width":1280,"height":1280},{"@type":"BreadcrumbList","@id":"http:\/\/wbcoiffure.fr\/?product=ghd-helios-seche-cheveux-professionnel#breadcrumb","itemListElement":[{"@type":"ListItem","position":1,"name":"Accueil","item":"https:\/\/wbcoiffure.fr\/"},{"@type":"ListItem","position":2,"name":"Boutique","item":"https:\/\/wbcoiffure.fr\/?page_id=409"},{"@type":"ListItem","position":3,"name":"GHD Helios\u00ae \u2013 S\u00e8che-cheveux professionnel"}]},{"@type":"WebSite","@id":"https:\/\/wbcoiffure.fr\/#website","url":"https:\/\/wbcoiffure.fr\/","name":"WB Coiffure","description":"Salon de coiffure Castelnau-le-lez","publisher":{"@id":"https:\/\/wbcoiffure.fr\/#organization"},"potentialAction":[{"@type":"SearchAction","target":{"@type":"EntryPoint","urlTemplate":"https:\/\/wbcoiffure.fr\/?s={search_term_string}"},"query-input":{"@type":"PropertyValueSpecification","valueRequired":true,"valueName":"search_term_string"}}],"inLanguage":"fr-FR"},{"@type":"Organization","@id":"https:\/\/wbcoiffure.fr\/#organization","name":"WB Coiffure","url":"https:\/\/wbcoiffure.fr\/","logo":{"@type":"ImageObject","inLanguage":"fr-FR","@id":"https:\/\/wbcoiffure.fr\/#\/schema\/logo\/image\/","url":"https:\/\/wbcoiffure.fr\/wp-content\/uploads\/2025\/04\/principalWB-logo-internet.png","contentUrl":"https:\/\/wbcoiffure.fr\/wp-content\/uploads\/2025\/04\/principalWB-logo-internet.png","width":316,"height":82,"caption":"WB Coiffure"},"image":{"@id":"https:\/\/wbcoiffure.fr\/#\/schema\/logo\/image\/"}}]}},"brands":[{"id":53,"name":"ghd","slug":"ghd"}],"_links":{"self":[{"href":"https:\/\/wbcoiffure.fr\/index.php?rest_route=\/wp\/v2\/product\/1165","targetHints":{"allow":["GET"]}}],"collection":[{"href":"https:\/\/wbcoiffure.fr\/index.php?rest_route=\/wp\/v2\/product"}],"about":[{"href":"https:\/\/wbcoiffure.fr\/index.php?rest_route=\/wp\/v2\/types\/product"}],"wp:featuredmedia":[{"embeddable":true,"href":"https:\/\/wbcoiffure.fr\/index.php?rest_route=\/wp\/v2\/media\/1166"}],"wp:attachment":[{"href":"https:\/\/wbcoiffure.fr\/index.php?rest_route=%2Fwp%2Fv2%2Fmedia&parent=1165"}],"wp:term":[{"taxonomy":"pwb-brand","embeddable":true,"href":"https:\/\/wbcoiffure.fr\/index.php?rest_route=%2Fwp%2Fv2%2Fpwb-brand&post=1165"},{"taxonomy":"product_brand","embeddable":true,"href":"https:\/\/wbcoiffure.fr\/index.php?rest_route=%2Fwp%2Fv2%2Fproduct_brand&post=1165"},{"taxonomy":"product_cat","embeddable":true,"href":"https:\/\/wbcoiffure.fr\/index.php?rest_route=%2Fwp%2Fv2%2Fproduct_cat&post=1165"},{"taxonomy":"product_tag","embeddable":true,"href":"https:\/\/wbcoiffure.fr\/index.php?rest_route=%2Fwp%2Fv2%2Fproduct_tag&post=1165"}],"curies":[{"name":"wp","href":"https:\/\/api.w.org\/{rel}","templated":true}]}}